{"version":"1.0","provider_name":"Access4you H\u00edrek","provider_url":"https:\/\/news.access4you.io\/en","title":"A fogyat\u00e9kos nem egy cs\u00fanya sz\u00f3(Nina Tame v\u00e9lem\u00e9nycikke)&nbsp; - Access4you H\u00edrek","type":"rich","width":600,"height":338,"html":"<blockquote class=\"wp-embedded-content\" data-secret=\"N1aipM4H61\"><a href=\"https:\/\/news.access4you.io\/en\/2022\/05\/19\/a-fogyatekos-nem-egy-csunya-szonina-tame-velemenycikke\/\"><strong>A <\/strong><strong><em>fogyat\u00e9kos <\/em><\/strong><strong>nem egy cs\u00fanya sz\u00f3<\/strong><strong><br><\/strong><strong>(Nina Tame v\u00e9lem\u00e9nycikke)&nbsp;<\/strong><\/a><\/blockquote><iframe sandbox=\"allow-scripts\" security=\"restricted\" src=\"https:\/\/news.access4you.io\/en\/2022\/05\/19\/a-fogyatekos-nem-egy-csunya-szonina-tame-velemenycikke\/embed\/#?secret=N1aipM4H61\" width=\"600\" height=\"338\" title=\"&ldquo;&lt;strong&gt;A &lt;\/strong&gt;&lt;strong&gt;&lt;em&gt;fogyat&eacute;kos &lt;\/em&gt;&lt;\/strong&gt;&lt;strong&gt;nem egy cs&uacute;nya sz&oacute;&lt;\/strong&gt;&lt;strong&gt;&lt;br&gt;&lt;\/strong&gt;&lt;strong&gt;(Nina Tame v&eacute;lem&eacute;nycikke)&nbsp;&lt;\/strong&gt;&rdquo; &mdash; Access4you H&iacute;rek\" data-secret=\"N1aipM4H61\" frameborder=\"0\" marginwidth=\"0\" marginheight=\"0\" scrolling=\"no\" class=\"wp-embedded-content\"><\/iframe><script type=\"text\/javascript\">\n\/* <![CDATA[ *\/\n\/*! This file is auto-generated *\/\n!function(d,l){\"use strict\";l.querySelector&&d.addEventListener&&\"undefined\"!=typeof URL&&(d.wp=d.wp||{},d.wp.receiveEmbedMessage||(d.wp.receiveEmbedMessage=function(e){var t=e.data;if((t||t.secret||t.message||t.value)&&!\/[^a-zA-Z0-9]\/.test(t.secret)){for(var s,r,n,a=l.querySelectorAll('iframe[data-secret=\"'+t.secret+'\"]'),o=l.querySelectorAll('blockquote[data-secret=\"'+t.secret+'\"]'),c=new RegExp(\"^https?:$\",\"i\"),i=0;i<o.length;i++)o[i].style.display=\"none\";for(i=0;i<a.length;i++)s=a[i],e.source===s.contentWindow&&(s.removeAttribute(\"style\"),\"height\"===t.message?(1e3<(r=parseInt(t.value,10))?r=1e3:~~r<200&&(r=200),s.height=r):\"link\"===t.message&&(r=new URL(s.getAttribute(\"src\")),n=new URL(t.value),c.test(n.protocol))&&n.host===r.host&&l.activeElement===s&&(d.top.location.href=t.value))}},d.addEventListener(\"message\",d.wp.receiveEmbedMessage,!1),l.addEventListener(\"DOMContentLoaded\",function(){for(var e,t,s=l.querySelectorAll(\"iframe.wp-embedded-content\"),r=0;r<s.length;r++)(t=(e=s[r]).getAttribute(\"data-secret\"))||(t=Math.random().toString(36).substring(2,12),e.src+=\"#?secret=\"+t,e.setAttribute(\"data-secret\",t)),e.contentWindow.postMessage({message:\"ready\",secret:t},\"*\")},!1)))}(window,document);\n\/\/# sourceURL=https:\/\/news.access4you.io\/wp-includes\/js\/wp-embed.min.js\n\/* ]]> *\/\n<\/script>","thumbnail_url":"https:\/\/news.access4you.io\/wp-content\/uploads\/2022\/05\/Worpress-kepek.png","thumbnail_width":2048,"thumbnail_height":1365,"description":"Nina Tame \u00edr\u00f3, tartalomk\u00e9sz\u00edt\u0151, mentor \u00e9s inkl\u00fazi\u00f3s aktivista. K\u00fczd az ableizmus ellen, de de neki is el kellett fogadnia fogyat\u00e9koss\u00e1g\u00e1t."}